{"id":5237,"date":"2023-09-20T17:20:29","date_gmt":"2023-09-20T17:20:29","guid":{"rendered":"https:\/\/wordpress.validthemes.net\/check\/?page_id=5237"},"modified":"2024-06-23T12:57:50","modified_gmt":"2024-06-23T12:57:50","slug":"nosotros","status":"publish","type":"page","link":"https:\/\/inteligenciadigital.cl\/site\/nosotros\/","title":{"rendered":"\u00bfQUI\u00c9NES SOMOS?"},"content":{"rendered":"\t\t<div data-elementor-type=\"wp-page\" data-elementor-id=\"5237\" class=\"elementor elementor-5237\" data-elementor-post-type=\"page\">\n\t\t\t\t\t\t<section class=\"elementor-section elementor-top-section elementor-element elementor-element-5476013 elementor-section-full_width elementor-section-height-default elementor-section-height-default\" data-id=\"5476013\" data-element_type=\"section\" data-e-type=\"section\">\n\t\t\t\t\t\t<div class=\"elementor-container elementor-column-gap-no\">\n\t\t\t\t\t<div class=\"elementor-column elementor-col-100 elementor-top-column elementor-element elementor-element-941b464\" data-id=\"941b464\" data-element_type=\"column\" data-e-type=\"column\">\n\t\t\t<div class=\"elementor-widget-wrap elementor-element-populated\">\n\t\t\t\t\t\t<div class=\"elementor-element elementor-element-49352af elementor-widget elementor-widget-appkubannerv2\" data-id=\"49352af\" data-element_type=\"widget\" data-e-type=\"widget\" data-widget_type=\"appkubannerv2.default\">\n\t\t\t\t<div class=\"elementor-widget-container\">\n\t\t\t\t\t<div class=\"business-banner overflow-hidden bg-cover\" style=\"background-image: url(https:\/\/wordpress.validthemes.net\/check\/wp-content\/uploads\/2023\/09\/4.jpg);\"><div class=\"container\"><div class=\"double-items\"><div class=\"row align-center\"><div class=\"col-lg-5 info\"><h4>INTELIGENCIA DIGITAL<\/h4><h2>\u00bfQuienes somos?<\/h2><p>Somos una empresa de tecnolog\u00eda perteneciente al Grupo SF especializada en servicios profesionales, con un equipo altamente calificado, capaces de desarrollar, implementar, organizar y aportar soluciones basadas en la innovaci\u00f3n y la tecnolog\u00eda a clientes de peque\u00f1as, medianas y grandes empresas. El Grupo SF tiene m\u00e1s de 15 a\u00f1os de experiencia en el \u00e1rea de la tecnolog\u00eda, publicidad y desarrollo.<\/p><\/div><div class=\"col-lg-6 offset-lg-1 business-banner-thumb\"><img decoding=\"async\" src=\"https:\/\/wordpress.validthemes.net\/check\/wp-content\/uploads\/2023\/09\/28.png\" alt=\"INTELIGENCIA%20DIGITAL\"  class=\"wow fadeInUp\" \/><div class=\"revenew wow fadeInDown\" data-wow-delay=\"500ms\"><\/div><\/div><\/div><\/div><\/div><\/div>\t\t\t\t<\/div>\n\t\t\t\t<\/div>\n\t\t\t\t\t<\/div>\n\t\t<\/div>\n\t\t\t\t\t<\/div>\n\t\t<\/section>\n\t\t\t\t<section class=\"elementor-section elementor-top-section elementor-element elementor-element-0f69dd2 elementor-section-full_width elementor-section-height-default elementor-section-height-default\" data-id=\"0f69dd2\" data-element_type=\"section\" data-e-type=\"section\">\n\t\t\t\t\t\t<div class=\"elementor-container elementor-column-gap-no\">\n\t\t\t\t\t<div class=\"elementor-column elementor-col-100 elementor-top-column elementor-element elementor-element-b00294b\" data-id=\"b00294b\" data-element_type=\"column\" data-e-type=\"column\">\n\t\t\t<div class=\"elementor-widget-wrap elementor-element-populated\">\n\t\t\t\t\t\t<div class=\"elementor-element elementor-element-aa5f205 elementor-widget elementor-widget-appkufeaturesv2\" data-id=\"aa5f205\" data-element_type=\"widget\" data-e-type=\"widget\" data-widget_type=\"appkufeaturesv2.default\">\n\t\t\t\t<div class=\"elementor-widget-container\">\n\t\t\t\t\t<!------------------------------- Features Area start -------------------------------><div class=\"feature-style-two-area\"><div class=\"container\"><div class=\"feature-style-two-items\"><div class=\"row\"><div class=\"col-xl-7\"><div class=\"row\"><!-- Single Item --><div class=\"col-lg-6 col-md-6\"><div class=\"feature-style-two\"><div class=\"icon\"><img decoding=\"async\" src=\"https:\/\/wordpress.validthemes.net\/check\/wp-content\/uploads\/2023\/09\/5.png\" alt=\"INTELIGENCIA%20DIGITAL\"  \/><\/div><div class=\"info\"><h4 class=\"secc-title\">EXPERIENCIA<\/h4><p>Mas de 15 a\u00f1os de experiencia en el \u00e1rea de la tecnolog\u00eda y la publicidad digital.<\/p><\/div><\/div><\/div><!-- End Single Item --><!-- Single Item --><div class=\"col-lg-6 col-md-6\"><div class=\"feature-style-two\"><div class=\"icon\"><img decoding=\"async\" src=\"https:\/\/wordpress.validthemes.net\/check\/wp-content\/uploads\/2023\/09\/6.png\" alt=\"INTELIGENCIA%20DIGITAL\"  \/><\/div><div class=\"info\"><h4 class=\"secc-title\">CONOCIMIENTO<\/h4><p>Contamos con un equipo con amplia experiencia en Tecnolog\u00edas de la Informaci\u00f3n.<\/p><\/div><\/div><\/div><!-- End Single Item --><\/div><\/div><div class=\"col-xl-4 offset-xl-1\"><div class=\"right-info\"><h4 class=\"sub-title\">A\u00d1OS DE SERVICIOS<\/h4><h2 class=\"title\">+15 A\u00d1OS<\/h2><\/div><\/div><\/div><\/div><\/div><\/div><!--------------------------------- Features Area end --------------------------------->\t\t\t\t<\/div>\n\t\t\t\t<\/div>\n\t\t\t\t\t<\/div>\n\t\t<\/div>\n\t\t\t\t\t<\/div>\n\t\t<\/section>\n\t\t\t\t<section class=\"elementor-section elementor-top-section elementor-element elementor-element-4446119 elementor-section-full_width elementor-section-height-default elementor-section-height-default\" data-id=\"4446119\" data-element_type=\"section\" data-e-type=\"section\" data-settings=\"{&quot;background_background&quot;:&quot;classic&quot;}\">\n\t\t\t\t\t\t<div class=\"elementor-container elementor-column-gap-no\">\n\t\t\t\t\t<div class=\"elementor-column elementor-col-100 elementor-top-column elementor-element elementor-element-837dfcb\" data-id=\"837dfcb\" data-element_type=\"column\" data-e-type=\"column\">\n\t\t\t<div class=\"elementor-widget-wrap elementor-element-populated\">\n\t\t\t\t\t\t<div class=\"elementor-element elementor-element-a7019c2 elementor-widget elementor-widget-appkuservicesv2\" data-id=\"a7019c2\" data-element_type=\"widget\" data-e-type=\"widget\" data-widget_type=\"appkuservicesv2.default\">\n\t\t\t\t<div class=\"elementor-widget-container\">\n\t\t\t\t\t<!------------------------------- Service Area start -------------------------------><div id=\"services\" class=\"services-style-seven-area relative default-padding\"><div class=\"container\"><div class=\"row\"><div class=\"col-lg-8 offset-lg-2\"><div class=\"site-heading text-center\"><h4 class=\"title-sub\">NUESTROS SERVICIOS<\/h4><h2 class=\"title-regular\">NUESTRAS ACTIVIDADES DESTACADAS<\/h2><\/div><\/div><\/div><\/div><div class=\"container-full\"><div class=\"row\"><div class=\"col-lg-12\"><div class=\"services-style-seven-carousel owl-carousel owl-theme\"><!-- Single item --><div class=\"service-seven-item service-selector\"><div class=\"top\"><img decoding=\"async\" src=\"https:\/\/inteligenciadigital.cl\/site\/wp-content\/uploads\/2023\/10\/wallet.png\" alt=\"INTELIGENCIA%20DIGITAL\"  \/><h4>Dise\u00f1o de P\u00e1ginas Web<\/h4><\/div><p><div class=\"info-text\"><p><strong>Inteligencia Digital<\/strong>, desarrolla portales con dise\u00f1os que van desde portales informativos, tiendas en l\u00edneas (e-commerce) hasta portales Especializados hechos a la medida.<\/p><\/div><\/p><\/div><!-- End Single item --><!-- Single item --><div class=\"service-seven-item service-selector\"><div class=\"top\"><img decoding=\"async\" src=\"https:\/\/inteligenciadigital.cl\/site\/wp-content\/uploads\/2023\/10\/wallet.png\" alt=\"INTELIGENCIA%20DIGITAL\"  \/><h4>Desarrollo de Apps Web<\/h4><\/div><p><div class=\"info-text\"><p>Desarrollamos aplicaciones\u00a0 web que implican un proceso integral que abarca desde la identificaci\u00f3n de los requisitos empresariales hasta la creaci\u00f3n, prueba, mejora y depuraci\u00f3n del software.<\/p><\/div><\/p><\/div><!-- End Single item --><!-- Single item --><div class=\"service-seven-item service-selector\"><div class=\"top\"><img decoding=\"async\" src=\"https:\/\/wordpress.validthemes.net\/check\/wp-content\/uploads\/2023\/10\/transaction.png\" alt=\"INTELIGENCIA%20DIGITAL\"  \/><h4>Desarrollo de Apps M\u00f3viles<\/h4><\/div><p><div class=\"info-text\"><p>Desarrollo de aplicaciones m\u00f3viles, mediante esquemas nativos y\/o h\u00edbridos de cada sistema operativo (iOS y Android) incluyendo su publicaci\u00f3n en el Market correspondiente (Apple Play y Google Play).<\/p><\/div><\/p><\/div><!-- End Single item --><!-- Single item --><div class=\"service-seven-item service-selector\"><div class=\"top\"><img decoding=\"async\" src=\"https:\/\/wordpress.validthemes.net\/check\/wp-content\/uploads\/2023\/10\/wallet.png\" alt=\"INTELIGENCIA%20DIGITAL\"  \/><h4>Servicios de Infraestructura<\/h4><\/div><p><p>Se refiere a la venta e implementaci\u00f3n de recursos de TI, incluyendo computadoras, servidores, centros de datos, sistemas de almacenamiento y redes en general adem\u00e1s de otras tecnolog\u00edas.<\/p><\/p><\/div><!-- End Single item --><!-- Single item --><div class=\"service-seven-item service-selector\"><div class=\"top\"><img decoding=\"async\" src=\"https:\/\/wordpress.validthemes.net\/check\/wp-content\/uploads\/2023\/10\/wallet.png\" alt=\"INTELIGENCIA%20DIGITAL\"  \/><h4>Gesti\u00f3n de Redes Sociales<\/h4><\/div><p><p>La gesti\u00f3n de redes sociales implica una serie de acciones y responsabilidades dise\u00f1adas para ayudar a las empresas o personas a mantener y mejorar su presencia en l\u00ednea.<\/p><\/p><\/div><!-- End Single item --><!-- Single item --><div class=\"service-seven-item service-selector\"><div class=\"top\"><img decoding=\"async\" src=\"https:\/\/wordpress.validthemes.net\/check\/wp-content\/uploads\/2023\/10\/money.png\" alt=\"INTELIGENCIA%20DIGITAL\"  \/><h4>Gesti\u00f3n de e-Mail Marketing<\/h4><\/div><p><p>El servicio de gesti\u00f3n de email marketing implica una serie de tareas y estrategias dise\u00f1adas para maximizar la efectividad de las campa\u00f1as de correo electr\u00f3nico de una empresa.<\/p><\/p><\/div><!-- End Single item --><!-- Single item --><div class=\"service-seven-item service-selector\"><div class=\"top\"><img decoding=\"async\" src=\"https:\/\/inteligenciadigital.cl\/site\/wp-content\/uploads\/2023\/10\/wallet.png\" alt=\"INTELIGENCIA%20DIGITAL\"  \/><h4>Posicionamiento SEO\/SEM<\/h4><\/div><p><div class=\"info-text\"><p>El servicio de SEO y SEM implica una serie de estrategias y t\u00e1cticas dise\u00f1adas para mejorar la visibilidad y el ranking de una empresa en los motores de b\u00fasqueda como Google y Bing.<\/p><\/div><\/p><\/div><!-- End Single item --><\/div><\/div><\/div><\/div><\/div><!--------------------------------- Service Area end --------------------------------->\t\t\t\t<\/div>\n\t\t\t\t<\/div>\n\t\t\t\t\t<\/div>\n\t\t<\/div>\n\t\t\t\t\t<\/div>\n\t\t<\/section>\n\t\t\t\t<section class=\"elementor-section elementor-top-section elementor-element elementor-element-df2b450 elementor-section-full_width elementor-section-height-default elementor-section-height-default\" data-id=\"df2b450\" data-element_type=\"section\" data-e-type=\"section\" data-settings=\"{&quot;background_background&quot;:&quot;classic&quot;}\">\n\t\t\t\t\t\t<div class=\"elementor-container elementor-column-gap-no\">\n\t\t\t\t\t<div class=\"elementor-column elementor-col-100 elementor-top-column elementor-element elementor-element-7b1da42\" data-id=\"7b1da42\" data-element_type=\"column\" data-e-type=\"column\">\n\t\t\t<div class=\"elementor-widget-wrap elementor-element-populated\">\n\t\t\t\t\t\t<div class=\"elementor-element elementor-element-7041ae1 elementor-widget elementor-widget-appkuproject\" data-id=\"7041ae1\" data-element_type=\"widget\" data-e-type=\"widget\" data-widget_type=\"appkuproject.default\">\n\t\t\t\t<div class=\"elementor-widget-container\">\n\t\t\t\t\t<!------------------------------- Features Area start -------------------------------><div class=\"gallery-area default-padding-bottom overflow-hidden\"><div class=\"container\"><div class=\"row\"><div class=\"col-lg-8 offset-lg-2\"><div class=\"site-heading text-center\"><h4 class=\"title-sub\">PROYECTOS RECIENTES<\/h4><h2 class=\"title-regular\">Proyectos realizados en nuestro \u00faltimo a\u00f1o de servicio<\/h2><\/div><\/div><\/div><\/div><div class=\"container-fluid\"><div class=\"row\"><div class=\"col-md-12 gallery-content\"><div class=\"magnific-mix-gallery masonary gallery-style-three\"><div id=\"portfolio-grid\" class=\"gallery-items colums-4\"><!-- Single Item --><div class=\"pf-item\"><div class=\"overlay\"><img decoding=\"async\" src=\"https:\/\/inteligenciadigital.cl\/site\/wp-content\/uploads\/2024\/06\/Tstalent2.jpg\" alt=\"INTELIGENCIA%20DIGITAL\"  \/><div class=\"content\"><div class=\"title\"><span>Seo Google Paginas Web<\/span><h5><a href=\"#\">TS TALENT<\/a><\/h5><\/div> <a href=\"#\"><i class=\"fas fa-arrow-right\"><\/i><\/a><\/div><\/div><\/div><!-- End Single Item --><!-- Single Item --><div class=\"pf-item\"><div class=\"overlay\"><img decoding=\"async\" src=\"https:\/\/inteligenciadigital.cl\/site\/wp-content\/uploads\/2024\/06\/LIG-INVEST.jpg\" alt=\"INTELIGENCIA%20DIGITAL\"  \/><div class=\"content\"><div class=\"title\"><span>Marketing Digital<\/span><h5><a href=\"#\">LATAM INVESTMENT GROUP<\/a><\/h5><\/div> <a href=\"#\"><i class=\"fas fa-arrow-right\"><\/i><\/a><\/div><\/div><\/div><!-- End Single Item --><!-- Single Item --><div class=\"pf-item\"><div class=\"overlay\"><img decoding=\"async\" src=\"https:\/\/inteligenciadigital.cl\/site\/wp-content\/uploads\/2024\/06\/USAPEST2.jpg\" alt=\"INTELIGENCIA%20DIGITAL\"  \/><div class=\"content\"><div class=\"title\"><span>Portal Web Informativo<\/span><h5><a href=\"#\">USA PEST CONTROL SERVICES<\/a><\/h5><\/div> <a href=\"#\"><i class=\"fas fa-arrow-right\"><\/i><\/a><\/div><\/div><\/div><!-- End Single Item --><!-- Single Item --><div class=\"pf-item\"><div class=\"overlay\"><img decoding=\"async\" src=\"https:\/\/inteligenciadigital.cl\/site\/wp-content\/uploads\/2024\/06\/TECAV-2.jpg\" alt=\"INTELIGENCIA%20DIGITAL\"  \/><div class=\"content\"><div class=\"title\"><span>Portal Web Educativo<\/span><h5><a href=\"#\">TECNOL\u00d3GICO AM\u00c9RICO VESPUCIO<\/a><\/h5><\/div> <a href=\"#\"><i class=\"fas fa-arrow-right\"><\/i><\/a><\/div><\/div><\/div><!-- End Single Item --><!-- Single Item --><div class=\"pf-item\"><div class=\"overlay\"><img decoding=\"async\" src=\"https:\/\/inteligenciadigital.cl\/site\/wp-content\/uploads\/2024\/06\/Verma.jpg\" alt=\"INTELIGENCIA%20DIGITAL\"  \/><div class=\"content\"><div class=\"title\"><span>Portal Web E-commerce<\/span><h5><a href=\"#\">LABORATORIOS VERMA<\/a><\/h5><\/div> <a href=\"#\"><i class=\"fas fa-arrow-right\"><\/i><\/a><\/div><\/div><\/div><!-- End Single Item --><!-- Single Item --><div class=\"pf-item\"><div class=\"overlay\"><img decoding=\"async\" src=\"https:\/\/inteligenciadigital.cl\/site\/wp-content\/uploads\/2024\/06\/FidesMedical.jpg\" alt=\"INTELIGENCIA%20DIGITAL\"  \/><div class=\"content\"><div class=\"title\"><span>Portal Web Informativo<\/span><h5><a href=\"#\">FIDESMEDICAL<\/a><\/h5><\/div> <a href=\"#\"><i class=\"fas fa-arrow-right\"><\/i><\/a><\/div><\/div><\/div><!-- End Single Item --><\/div><\/div><\/div><\/div><\/div><\/div><!--------------------------------- Features Area end --------------------------------->\t\t\t\t<\/div>\n\t\t\t\t<\/div>\n\t\t\t\t\t<\/div>\n\t\t<\/div>\n\t\t\t\t\t<\/div>\n\t\t<\/section>\n\t\t\t\t<section class=\"elementor-section elementor-top-section elementor-element elementor-element-ee45021 elementor-section-full_width elementor-section-height-default elementor-section-height-default\" data-id=\"ee45021\" data-element_type=\"section\" data-e-type=\"section\" data-settings=\"{&quot;background_background&quot;:&quot;classic&quot;}\">\n\t\t\t\t\t\t<div class=\"elementor-container elementor-column-gap-no\">\n\t\t\t\t\t<div class=\"elementor-column elementor-col-100 elementor-top-column elementor-element elementor-element-d04c773\" data-id=\"d04c773\" data-element_type=\"column\" data-e-type=\"column\">\n\t\t\t<div class=\"elementor-widget-wrap elementor-element-populated\">\n\t\t\t\t\t\t<div class=\"elementor-element elementor-element-3a083b7 elementor-widget elementor-widget-appkuaboutusv2\" data-id=\"3a083b7\" data-element_type=\"widget\" data-e-type=\"widget\" data-widget_type=\"appkuaboutusv2.default\">\n\t\t\t\t<div class=\"elementor-widget-container\">\n\t\t\t\t\t<div class=\"about-style-seven-area default-padding-bottom\"><div class=\"container\"><div class=\"about-style-seven-items bg-dark text-light\"><div class=\"about-style-seven-thumb\" style=\"background-image: url(https:\/\/wordpress.validthemes.net\/check\/wp-content\/uploads\/2023\/10\/5.jpg);\"><\/div><div class=\"row\"><div class=\"col-lg-6 offset-lg-6\"><div class=\"about-seven-item\"><h2>NUESTRA EMPRESA<\/h2><p><strong>Inteligencia Digital<\/strong>, es una empresa de servicios profesionales con m\u00e1s de\u00a0<em><strong>15 a\u00f1os de experiencia<\/strong><\/em> en el \u00e1rea de tecnolog\u00eda de la informaci\u00f3n, que forma parte del <strong>GRUPO SF<\/strong>, consorcio con sede en <strong>CHILE<\/strong> y que incluye un grupo de 4 empresas adicionales, que en alianza con <strong><em>TS Talent Group<\/em><\/strong> (Empresa en USA y Venezuela) ha desarrollado m\u00e1s de 100 proyectos de tecnolog\u00eda en los \u00faltimos 3 a\u00f1os.<\/p><div class=\"author-info\"><div class=\"thumb\"><img decoding=\"async\" src=\"https:\/\/inteligenciadigital.cl\/site\/wp-content\/uploads\/2024\/06\/1601857071309.jpeg\" alt=\"INTELIGENCIA%20DIGITAL\"  \/><\/div><div class=\"info\"><h4>Jaime Soto<\/h4><span>CEO &amp; Fundador<\/span><\/div><img decoding=\"async\" src=\"https:\/\/inteligenciadigital.cl\/site\/wp-content\/uploads\/2024\/06\/logo_sf.png\" alt=\"INTELIGENCIA%20DIGITAL\"  \/><\/div><\/div><\/div><\/div><\/div><\/div><\/div>\t\t\t\t<\/div>\n\t\t\t\t<\/div>\n\t\t\t\t<div class=\"elementor-element elementor-element-f40d76f elementor-widget elementor-widget-appkuteam\" data-id=\"f40d76f\" data-element_type=\"widget\" data-e-type=\"widget\" data-widget_type=\"appkuteam.default\">\n\t\t\t\t<div class=\"elementor-widget-container\">\n\t\t\t\t\t<!------------------------------- Team Process Area start -------------------------------><div id=\"team\" class=\"team-area\"><!-- Shape --><div class=\"fixed-shape\" style=\"background-image: url(https:\/\/wordpress.validthemes.net\/appku\/wp-content\/uploads\/2022\/07\/5-2.png);\"><\/div><!-- End Shape --><div class=\"container\"><div class=\"row\"><div class=\"col-lg-8 offset-lg-2\"><div class=\"site-heading text-light text-center\"><h2>NUESTRO EQUIPO DE TRABAJO<\/h2><div class=\"devider\"><\/div><p>Contamos con un equipo de 1er nivel conformado por m\u00e1s de 30 empleados entre dise\u00f1adores, desarrolladores, analistas\nde sistemas y administrativos, y m\u00e1s de 20 consultores como community manager, redactores web, entre otros.<\/p><\/div><\/div><\/div><\/div><div class=\"container\"><div class=\"team-items\"><div class=\"row\"><!-- Single Item --><div class=\"single-item col-lg-4 col-md-6\"><div class=\"item\"><div class=\"thumb\"><img decoding=\"async\" src=\"https:\/\/wordpress.validthemes.net\/appku\/wp-content\/uploads\/2022\/07\/1.jpg\" alt=\"INTELIGENCIA%20DIGITAL\"  \/><div class=\"social\"><input type=\"checkbox\" id=\"toggle69f1d28d26e9f\" class=\"share-toggle\" hidden><label for=\"toggle69f1d28d26e9f\" class=\"share-button\"><i class=\"fas fa-plus\"><\/i><\/label><a href=\"http:\/\/facebook.com\" class=\"share-icon facebook\"><i class=\"fab fa-facebook-f\"><\/i><\/a><a href=\"http:\/\/twitter.com\" class=\"share-icon twitter\"><i class=\"fab fa-twitter\"><\/i><\/a><a href=\"http:\/\/instagram.com\" class=\"share-icon instagram\"><i class=\"fab fa-instagram\"><\/i><\/a><\/div><\/div><div class=\"info\"><h4><a href=\"#\">David Ojeda<\/a><\/h4><span>Gerente de Operaciones<\/span><\/div><\/div><\/div><!-- End Single Item --><!-- Single Item --><div class=\"single-item col-lg-4 col-md-6\"><div class=\"item\"><div class=\"thumb\"><img decoding=\"async\" src=\"https:\/\/wordpress.validthemes.net\/appku\/wp-content\/uploads\/2022\/07\/2.jpg\" alt=\"INTELIGENCIA%20DIGITAL\"  \/><div class=\"social\"><input type=\"checkbox\" id=\"toggle69f1d28d2719f\" class=\"share-toggle\" hidden><label for=\"toggle69f1d28d2719f\" class=\"share-button\"><i class=\"fas fa-plus\"><\/i><\/label><a href=\"http:\/\/facebook.com\" class=\"share-icon facebook\"><i class=\"fab fa-facebook-f\"><\/i><\/a><a href=\"http:\/\/twitter.com\" class=\"share-icon twitter\"><i class=\"fab fa-twitter\"><\/i><\/a><a href=\"http:\/\/instagram.com\" class=\"share-icon instagram\"><i class=\"fab fa-instagram\"><\/i><\/a><\/div><\/div><div class=\"info\"><h4><a href=\"#\">Dayana Cisneros<\/a><\/h4><span>Dise\u00f1ador Web<\/span><\/div><\/div><\/div><!-- End Single Item --><!-- Single Item --><div class=\"single-item col-lg-4 col-md-6\"><div class=\"item\"><div class=\"thumb\"><img decoding=\"async\" src=\"https:\/\/wordpress.validthemes.net\/appku\/wp-content\/uploads\/2022\/07\/3-1.jpg\" alt=\"INTELIGENCIA%20DIGITAL\"  \/><div class=\"social\"><input type=\"checkbox\" id=\"toggle69f1d28d273da\" class=\"share-toggle\" hidden><label for=\"toggle69f1d28d273da\" class=\"share-button\"><i class=\"fas fa-plus\"><\/i><\/label><a href=\"http:\/\/facebook.com\" class=\"share-icon facebook\"><i class=\"fab fa-facebook-f\"><\/i><\/a><a href=\"http:\/\/twitter.com\" class=\"share-icon twitter\"><i class=\"fab fa-twitter\"><\/i><\/a><a href=\"http:\/\/instagram.com\" class=\"share-icon instagram\"><i class=\"fab fa-instagram\"><\/i><\/a><\/div><\/div><div class=\"info\"><h4><a href=\"#\">David Uzcategui<\/a><\/h4><span>Analista T\u00e9cnico<\/span><\/div><\/div><\/div><!-- End Single Item --><\/div><\/div><\/div><\/div><!--------------------------------- Team Process Area end --------------------------------->\t\t\t\t<\/div>\n\t\t\t\t<\/div>\n\t\t\t\t\t<\/div>\n\t\t<\/div>\n\t\t\t\t\t<\/div>\n\t\t<\/section>\n\t\t\t\t<\/div>\n\t\t","protected":false},"excerpt":{"rendered":"<p>INTELIGENCIA DIGITAL \u00bfQuienes somos? Somos una empresa de tecnolog\u00eda perteneciente al Grupo SF especializada en servicios profesionales, con un equipo altamente calificado, capaces de desarrollar, implementar, organizar y aportar soluciones basadas en la innovaci\u00f3n y la tecnolog\u00eda a clientes de peque\u00f1as, medianas y grandes empresas. El Grupo SF tiene m\u00e1s de 15 a\u00f1os de experiencia&#8230;<\/p>\n","protected":false},"author":1,"featured_media":0,"parent":0,"menu_order":0,"comment_status":"closed","ping_status":"closed","template":"template-builder.php","meta":{"footnotes":""},"class_list":["post-5237","page","type-page","status-publish","hentry"],"yoast_head":"<!-- This site is optimized with the Yoast SEO plugin v27.5 - https:\/\/yoast.com\/product\/yoast-seo-wordpress\/ -->\n<title>\u00bfQUI\u00c9NES SOMOS? - INTELIGENCIA DIGITAL<\/title>\n<meta name=\"robots\" content=\"index, follow, max-snippet:-1, max-image-preview:large, max-video-preview:-1\" \/>\n<link rel=\"canonical\" href=\"https:\/\/inteligenciadigital.cl\/site\/nosotros\/\" \/>\n<meta property=\"og:locale\" content=\"es_ES\" \/>\n<meta property=\"og:type\" content=\"article\" \/>\n<meta property=\"og:title\" content=\"\u00bfQUI\u00c9NES SOMOS? - INTELIGENCIA DIGITAL\" \/>\n<meta property=\"og:description\" content=\"INTELIGENCIA DIGITAL \u00bfQuienes somos? Somos una empresa de tecnolog\u00eda perteneciente al Grupo SF especializada en servicios profesionales, con un equipo altamente calificado, capaces de desarrollar, implementar, organizar y aportar soluciones basadas en la innovaci\u00f3n y la tecnolog\u00eda a clientes de peque\u00f1as, medianas y grandes empresas. El Grupo SF tiene m\u00e1s de 15 a\u00f1os de experiencia...\" \/>\n<meta property=\"og:url\" content=\"https:\/\/inteligenciadigital.cl\/site\/nosotros\/\" \/>\n<meta property=\"og:site_name\" content=\"INTELIGENCIA DIGITAL\" \/>\n<meta property=\"article:modified_time\" content=\"2024-06-23T12:57:50+00:00\" \/>\n<meta property=\"og:image\" content=\"https:\/\/wordpress.validthemes.net\/check\/wp-content\/uploads\/2023\/09\/28.png\" \/>\n<meta name=\"twitter:card\" content=\"summary_large_image\" \/>\n<meta name=\"twitter:label1\" content=\"Tiempo de lectura\" \/>\n\t<meta name=\"twitter:data1\" content=\"10 minutos\" \/>\n<script type=\"application\/ld+json\" class=\"yoast-schema-graph\">{\"@context\":\"https:\\\/\\\/schema.org\",\"@graph\":[{\"@type\":\"WebPage\",\"@id\":\"https:\\\/\\\/inteligenciadigital.cl\\\/site\\\/nosotros\\\/\",\"url\":\"https:\\\/\\\/inteligenciadigital.cl\\\/site\\\/nosotros\\\/\",\"name\":\"\u00bfQUI\u00c9NES SOMOS? - INTELIGENCIA DIGITAL\",\"isPartOf\":{\"@id\":\"https:\\\/\\\/inteligenciadigital.cl\\\/site\\\/#website\"},\"primaryImageOfPage\":{\"@id\":\"https:\\\/\\\/inteligenciadigital.cl\\\/site\\\/nosotros\\\/#primaryimage\"},\"image\":{\"@id\":\"https:\\\/\\\/inteligenciadigital.cl\\\/site\\\/nosotros\\\/#primaryimage\"},\"thumbnailUrl\":\"https:\\\/\\\/wordpress.validthemes.net\\\/check\\\/wp-content\\\/uploads\\\/2023\\\/09\\\/28.png\",\"datePublished\":\"2023-09-20T17:20:29+00:00\",\"dateModified\":\"2024-06-23T12:57:50+00:00\",\"breadcrumb\":{\"@id\":\"https:\\\/\\\/inteligenciadigital.cl\\\/site\\\/nosotros\\\/#breadcrumb\"},\"inLanguage\":\"es\",\"potentialAction\":[{\"@type\":\"ReadAction\",\"target\":[\"https:\\\/\\\/inteligenciadigital.cl\\\/site\\\/nosotros\\\/\"]}]},{\"@type\":\"ImageObject\",\"inLanguage\":\"es\",\"@id\":\"https:\\\/\\\/inteligenciadigital.cl\\\/site\\\/nosotros\\\/#primaryimage\",\"url\":\"https:\\\/\\\/wordpress.validthemes.net\\\/check\\\/wp-content\\\/uploads\\\/2023\\\/09\\\/28.png\",\"contentUrl\":\"https:\\\/\\\/wordpress.validthemes.net\\\/check\\\/wp-content\\\/uploads\\\/2023\\\/09\\\/28.png\"},{\"@type\":\"BreadcrumbList\",\"@id\":\"https:\\\/\\\/inteligenciadigital.cl\\\/site\\\/nosotros\\\/#breadcrumb\",\"itemListElement\":[{\"@type\":\"ListItem\",\"position\":1,\"name\":\"Portada\",\"item\":\"https:\\\/\\\/inteligenciadigital.cl\\\/site\\\/\"},{\"@type\":\"ListItem\",\"position\":2,\"name\":\"\u00bfQUI\u00c9NES SOMOS?\"}]},{\"@type\":\"WebSite\",\"@id\":\"https:\\\/\\\/inteligenciadigital.cl\\\/site\\\/#website\",\"url\":\"https:\\\/\\\/inteligenciadigital.cl\\\/site\\\/\",\"name\":\"INTELIGENCIA DIGITAL\",\"description\":\"\",\"publisher\":{\"@id\":\"https:\\\/\\\/inteligenciadigital.cl\\\/site\\\/#organization\"},\"potentialAction\":[{\"@type\":\"SearchAction\",\"target\":{\"@type\":\"EntryPoint\",\"urlTemplate\":\"https:\\\/\\\/inteligenciadigital.cl\\\/site\\\/?s={search_term_string}\"},\"query-input\":{\"@type\":\"PropertyValueSpecification\",\"valueRequired\":true,\"valueName\":\"search_term_string\"}}],\"inLanguage\":\"es\"},{\"@type\":\"Organization\",\"@id\":\"https:\\\/\\\/inteligenciadigital.cl\\\/site\\\/#organization\",\"name\":\"INTELIGENCIA DIGITAL\",\"url\":\"https:\\\/\\\/inteligenciadigital.cl\\\/site\\\/\",\"logo\":{\"@type\":\"ImageObject\",\"inLanguage\":\"es\",\"@id\":\"https:\\\/\\\/inteligenciadigital.cl\\\/site\\\/#\\\/schema\\\/logo\\\/image\\\/\",\"url\":\"https:\\\/\\\/inteligenciadigital.cl\\\/site\\\/wp-content\\\/uploads\\\/2024\\\/06\\\/logo_id_2018-1024x395-1.png\",\"contentUrl\":\"https:\\\/\\\/inteligenciadigital.cl\\\/site\\\/wp-content\\\/uploads\\\/2024\\\/06\\\/logo_id_2018-1024x395-1.png\",\"width\":1024,\"height\":395,\"caption\":\"INTELIGENCIA DIGITAL\"},\"image\":{\"@id\":\"https:\\\/\\\/inteligenciadigital.cl\\\/site\\\/#\\\/schema\\\/logo\\\/image\\\/\"}}]}<\/script>\n<!-- \/ Yoast SEO plugin. -->","yoast_head_json":{"title":"\u00bfQUI\u00c9NES SOMOS? - INTELIGENCIA DIGITAL","robots":{"index":"index","follow":"follow","max-snippet":"max-snippet:-1","max-image-preview":"max-image-preview:large","max-video-preview":"max-video-preview:-1"},"canonical":"https:\/\/inteligenciadigital.cl\/site\/nosotros\/","og_locale":"es_ES","og_type":"article","og_title":"\u00bfQUI\u00c9NES SOMOS? - INTELIGENCIA DIGITAL","og_description":"INTELIGENCIA DIGITAL \u00bfQuienes somos? Somos una empresa de tecnolog\u00eda perteneciente al Grupo SF especializada en servicios profesionales, con un equipo altamente calificado, capaces de desarrollar, implementar, organizar y aportar soluciones basadas en la innovaci\u00f3n y la tecnolog\u00eda a clientes de peque\u00f1as, medianas y grandes empresas. El Grupo SF tiene m\u00e1s de 15 a\u00f1os de experiencia...","og_url":"https:\/\/inteligenciadigital.cl\/site\/nosotros\/","og_site_name":"INTELIGENCIA DIGITAL","article_modified_time":"2024-06-23T12:57:50+00:00","og_image":[{"url":"https:\/\/wordpress.validthemes.net\/check\/wp-content\/uploads\/2023\/09\/28.png","type":"","width":"","height":""}],"twitter_card":"summary_large_image","twitter_misc":{"Tiempo de lectura":"10 minutos"},"schema":{"@context":"https:\/\/schema.org","@graph":[{"@type":"WebPage","@id":"https:\/\/inteligenciadigital.cl\/site\/nosotros\/","url":"https:\/\/inteligenciadigital.cl\/site\/nosotros\/","name":"\u00bfQUI\u00c9NES SOMOS? - INTELIGENCIA DIGITAL","isPartOf":{"@id":"https:\/\/inteligenciadigital.cl\/site\/#website"},"primaryImageOfPage":{"@id":"https:\/\/inteligenciadigital.cl\/site\/nosotros\/#primaryimage"},"image":{"@id":"https:\/\/inteligenciadigital.cl\/site\/nosotros\/#primaryimage"},"thumbnailUrl":"https:\/\/wordpress.validthemes.net\/check\/wp-content\/uploads\/2023\/09\/28.png","datePublished":"2023-09-20T17:20:29+00:00","dateModified":"2024-06-23T12:57:50+00:00","breadcrumb":{"@id":"https:\/\/inteligenciadigital.cl\/site\/nosotros\/#breadcrumb"},"inLanguage":"es","potentialAction":[{"@type":"ReadAction","target":["https:\/\/inteligenciadigital.cl\/site\/nosotros\/"]}]},{"@type":"ImageObject","inLanguage":"es","@id":"https:\/\/inteligenciadigital.cl\/site\/nosotros\/#primaryimage","url":"https:\/\/wordpress.validthemes.net\/check\/wp-content\/uploads\/2023\/09\/28.png","contentUrl":"https:\/\/wordpress.validthemes.net\/check\/wp-content\/uploads\/2023\/09\/28.png"},{"@type":"BreadcrumbList","@id":"https:\/\/inteligenciadigital.cl\/site\/nosotros\/#breadcrumb","itemListElement":[{"@type":"ListItem","position":1,"name":"Portada","item":"https:\/\/inteligenciadigital.cl\/site\/"},{"@type":"ListItem","position":2,"name":"\u00bfQUI\u00c9NES SOMOS?"}]},{"@type":"WebSite","@id":"https:\/\/inteligenciadigital.cl\/site\/#website","url":"https:\/\/inteligenciadigital.cl\/site\/","name":"INTELIGENCIA DIGITAL","description":"","publisher":{"@id":"https:\/\/inteligenciadigital.cl\/site\/#organization"},"potentialAction":[{"@type":"SearchAction","target":{"@type":"EntryPoint","urlTemplate":"https:\/\/inteligenciadigital.cl\/site\/?s={search_term_string}"},"query-input":{"@type":"PropertyValueSpecification","valueRequired":true,"valueName":"search_term_string"}}],"inLanguage":"es"},{"@type":"Organization","@id":"https:\/\/inteligenciadigital.cl\/site\/#organization","name":"INTELIGENCIA DIGITAL","url":"https:\/\/inteligenciadigital.cl\/site\/","logo":{"@type":"ImageObject","inLanguage":"es","@id":"https:\/\/inteligenciadigital.cl\/site\/#\/schema\/logo\/image\/","url":"https:\/\/inteligenciadigital.cl\/site\/wp-content\/uploads\/2024\/06\/logo_id_2018-1024x395-1.png","contentUrl":"https:\/\/inteligenciadigital.cl\/site\/wp-content\/uploads\/2024\/06\/logo_id_2018-1024x395-1.png","width":1024,"height":395,"caption":"INTELIGENCIA DIGITAL"},"image":{"@id":"https:\/\/inteligenciadigital.cl\/site\/#\/schema\/logo\/image\/"}}]}},"_links":{"self":[{"href":"https:\/\/inteligenciadigital.cl\/site\/wp-json\/wp\/v2\/pages\/5237","targetHints":{"allow":["GET"]}}],"collection":[{"href":"https:\/\/inteligenciadigital.cl\/site\/wp-json\/wp\/v2\/pages"}],"about":[{"href":"https:\/\/inteligenciadigital.cl\/site\/wp-json\/wp\/v2\/types\/page"}],"author":[{"embeddable":true,"href":"https:\/\/inteligenciadigital.cl\/site\/wp-json\/wp\/v2\/users\/1"}],"replies":[{"embeddable":true,"href":"https:\/\/inteligenciadigital.cl\/site\/wp-json\/wp\/v2\/comments?post=5237"}],"version-history":[{"count":88,"href":"https:\/\/inteligenciadigital.cl\/site\/wp-json\/wp\/v2\/pages\/5237\/revisions"}],"predecessor-version":[{"id":6185,"href":"https:\/\/inteligenciadigital.cl\/site\/wp-json\/wp\/v2\/pages\/5237\/revisions\/6185"}],"wp:attachment":[{"href":"https:\/\/inteligenciadigital.cl\/site\/wp-json\/wp\/v2\/media?parent=5237"}],"curies":[{"name":"wp","href":"https:\/\/api.w.org\/{rel}","templated":true}]}}